{"id":247,"date":"2025-08-12T09:57:40","date_gmt":"2025-08-12T09:57:40","guid":{"rendered":"https:\/\/sohnle-bedachungen.de\/?page_id=247"},"modified":"2025-08-14T13:26:37","modified_gmt":"2025-08-14T13:26:37","slug":"dachfenster","status":"publish","type":"page","link":"https:\/\/sohnle-bedachungen.de\/index.php\/dachfenster\/","title":{"rendered":"Dachfenster"},"content":{"rendered":"\t\t<div data-elementor-type=\"wp-page\" data-elementor-id=\"247\" class=\"elementor elementor-247\" data-elementor-post-type=\"page\">\n\t\t\t\t<div class=\"elementor-element elementor-element-2c2925e e-flex e-con-boxed e-con e-parent\" data-id=\"2c2925e\" data-element_type=\"container\" data-e-type=\"container\">\n\t\t\t\t\t<div class=\"e-con-inner\">\n\t\t<div class=\"elementor-element elementor-element-4f92c88 e-con-full e-flex e-con e-child\" data-id=\"4f92c88\" data-element_type=\"container\" data-e-type=\"container\">\n\t\t\t\t<div class=\"elementor-element elementor-element-84271fc elementor-widget__width-auto animated-slow elementor-invisible elementor-widget elementor-widget-image\" data-id=\"84271fc\" data-element_type=\"widget\" data-e-type=\"widget\" data-settings=\"{&quot;_animation&quot;:&quot;zoomIn&quot;}\" data-widget_type=\"image.default\">\n\t\t\t\t\t\t\t\t\t\t\t\t\t\t\t<img fetchpriority=\"high\" decoding=\"async\" width=\"800\" height=\"480\" src=\"https:\/\/sohnle-bedachungen.de\/wp-content\/uploads\/2025\/08\/AdobeStock_88312696-scaled-e1755177552223-1024x614.jpeg\" class=\"attachment-large size-large wp-image-493\" alt=\"\" srcset=\"https:\/\/sohnle-bedachungen.de\/wp-content\/uploads\/2025\/08\/AdobeStock_88312696-scaled-e1755177552223-1024x614.jpeg 1024w, https:\/\/sohnle-bedachungen.de\/wp-content\/uploads\/2025\/08\/AdobeStock_88312696-scaled-e1755177552223-300x180.jpeg 300w, https:\/\/sohnle-bedachungen.de\/wp-content\/uploads\/2025\/08\/AdobeStock_88312696-scaled-e1755177552223-768x461.jpeg 768w, https:\/\/sohnle-bedachungen.de\/wp-content\/uploads\/2025\/08\/AdobeStock_88312696-scaled-e1755177552223-1536x922.jpeg 1536w, https:\/\/sohnle-bedachungen.de\/wp-content\/uploads\/2025\/08\/AdobeStock_88312696-scaled-e1755177552223-2048x1229.jpeg 2048w\" sizes=\"(max-width: 800px) 100vw, 800px\" \/>\t\t\t\t\t\t\t\t\t\t\t\t\t\t\t<\/div>\n\t\t\t\t<div class=\"elementor-element elementor-element-7aa7df6 elementor-widget__width-auto elementor-absolute animated-slow elementor-invisible elementor-widget elementor-widget-image\" data-id=\"7aa7df6\" data-element_type=\"widget\" data-e-type=\"widget\" data-settings=\"{&quot;_position&quot;:&quot;absolute&quot;,&quot;_animation&quot;:&quot;zoomIn&quot;}\" data-widget_type=\"image.default\">\n\t\t\t\t\t\t\t\t\t\t\t\t\t\t\t<img decoding=\"async\" width=\"800\" height=\"646\" src=\"https:\/\/sohnle-bedachungen.de\/wp-content\/uploads\/2025\/08\/about_home03-JCKFFWS.jpg\" class=\"attachment-large size-large wp-image-35\" alt=\"\" srcset=\"https:\/\/sohnle-bedachungen.de\/wp-content\/uploads\/2025\/08\/about_home03-JCKFFWS.jpg 800w, https:\/\/sohnle-bedachungen.de\/wp-content\/uploads\/2025\/08\/about_home03-JCKFFWS-300x242.jpg 300w, https:\/\/sohnle-bedachungen.de\/wp-content\/uploads\/2025\/08\/about_home03-JCKFFWS-768x620.jpg 768w\" sizes=\"(max-width: 800px) 100vw, 800px\" \/>\t\t\t\t\t\t\t\t\t\t\t\t\t\t\t<\/div>\n\t\t\t\t<\/div>\n\t\t<div class=\"elementor-element elementor-element-d5e5965 e-con-full e-flex e-con e-child\" data-id=\"d5e5965\" data-element_type=\"container\" data-e-type=\"container\">\n\t\t\t\t<div class=\"elementor-element elementor-element-b718803 elementor-widget elementor-widget-heading\" data-id=\"b718803\" data-element_type=\"widget\" data-e-type=\"widget\" data-widget_type=\"heading.default\">\n\t\t\t\t\t<h1 class=\"elementor-heading-title elementor-size-default\"><p data-start=\"2249\" data-end=\"2315\">Dachfenster  \u2013 mehr <\/p>Wohnqualit\u00e4t, <span style=\"letter-spacing: 0px\">Licht &amp; Luft  <\/span><\/h1>\t\t\t\t<\/div>\n\t\t\t\t<div class=\"elementor-element elementor-element-c4bfcd4 elementor-widget elementor-widget-text-editor\" data-id=\"c4bfcd4\" data-element_type=\"widget\" data-e-type=\"widget\" data-widget_type=\"text-editor.default\">\n\t\t\t\t\t\t\t\t\t<p>Ein passendes <strong data-start=\"708\" data-end=\"723\">Dachfenster<\/strong> verwandelt dunkle Dachr\u00e4ume in helle, freundliche Wohnbereiche. Ob Sie einen <strong data-start=\"801\" data-end=\"811\">Neubau<\/strong> planen oder ein bestehendes Dach modernisieren \u2013 wir von <strong data-start=\"869\" data-end=\"891\">Sohnle-Bedachungen<\/strong> sind Ihr Spezialist f\u00fcr den Einbau, Austausch und die Nachr\u00fcstung von Dachfenstern in [Ort]. Als zertifizierter <strong data-start=\"1004\" data-end=\"1021\">Velux-Partner<\/strong> bieten wir Ihnen hochwertige Fensterl\u00f6sungen, die perfekt zu Ihrem Dach und Ihren Wohnw\u00fcnschen passen.<\/p>\t\t\t\t\t\t\t\t<\/div>\n\t\t\t\t<div class=\"elementor-element elementor-element-48565e7 elementor-widget elementor-widget-heading\" data-id=\"48565e7\" data-element_type=\"widget\" data-e-type=\"widget\" data-widget_type=\"heading.default\">\n\t\t\t\t\t<h2 class=\"elementor-heading-title elementor-size-default\"><p data-start=\"1885\" data-end=\"1911\">Warum mit uns?<\/p><\/h2>\t\t\t\t<\/div>\n\t\t\t\t<div class=\"elementor-element elementor-element-3e38896 elementor-widget elementor-widget-text-editor\" data-id=\"3e38896\" data-element_type=\"widget\" data-e-type=\"widget\" data-widget_type=\"text-editor.default\">\n\t\t\t\t\t\t\t\t\t<p>Als erfahrener <strong data-start=\"1928\" data-end=\"1957\">Dachdecker-Meisterbetrieb<\/strong> garantieren wir Ihnen pr\u00e4zisen Einbau, absolute Dichtigkeit und langlebige Qualit\u00e4t. Wir arbeiten sauber, schnell und mit minimaler Beeintr\u00e4chtigung Ihres Wohnraums.<\/p>\t\t\t\t\t\t\t\t<\/div>\n\t\t\t\t<div class=\"elementor-element elementor-element-a61c588 elementor-align-center elementor-widget elementor-widget-elementskit-button\" data-id=\"a61c588\" data-element_type=\"widget\" data-e-type=\"widget\" data-widget_type=\"elementskit-button.default\">\n\t\t\t\t\t<div class=\"ekit-wid-con\" >\t\t<div class=\"ekit-btn-wraper\">\n\t\t\t\t\t\t\t<a href=\"#kontakt\" class=\"elementskit-btn  whitespace--normal\" id=\"\">\n\t\t\t\t\tJetzt Kontakt aufnehmen\t\t\t\t<\/a>\n\t\t\t\t\t<\/div>\n        <\/div>\t\t\t\t<\/div>\n\t\t\t\t<\/div>\n\t\t\t\t\t<\/div>\n\t\t\t\t<\/div>\n\t\t<div class=\"elementor-element elementor-element-84c1ec3 e-flex e-con-boxed e-con e-parent\" data-id=\"84c1ec3\" data-element_type=\"container\" data-e-type=\"container\" data-settings=\"{&quot;background_background&quot;:&quot;classic&quot;}\">\n\t\t\t\t\t<div class=\"e-con-inner\">\n\t\t<div class=\"elementor-element elementor-element-e64f1ef e-con-full e-flex e-con e-child\" data-id=\"e64f1ef\" data-element_type=\"container\" data-e-type=\"container\">\n\t\t<div class=\"elementor-element elementor-element-933562a e-con-full e-flex e-con e-child\" data-id=\"933562a\" data-element_type=\"container\" data-e-type=\"container\">\n\t\t<div class=\"elementor-element elementor-element-bf047c5 e-con-full e-flex e-con e-child\" data-id=\"bf047c5\" data-element_type=\"container\" data-e-type=\"container\">\n\t\t\t\t<div class=\"elementor-element elementor-element-f4d830f elementor-widget elementor-widget-heading\" data-id=\"f4d830f\" data-element_type=\"widget\" data-e-type=\"widget\" data-widget_type=\"heading.default\">\n\t\t\t\t\t<h2 class=\"elementor-heading-title elementor-size-default\">Vorteile moderner Dachfenster<\/h2>\t\t\t\t<\/div>\n\t\t\t\t<div class=\"elementor-element elementor-element-c78b260 elementor-widget elementor-widget-text-editor\" data-id=\"c78b260\" data-element_type=\"widget\" data-e-type=\"widget\" data-widget_type=\"text-editor.default\">\n\t\t\t\t\t\t\t\t\t<p data-start=\"1543\" data-end=\"1878\">Moderne Dachfenster bieten nicht nur mehr Licht, sondern auch eine verbesserte <strong data-start=\"1622\" data-end=\"1638\">W\u00e4rmed\u00e4mmung<\/strong>, geringere Heizkosten und eine bessere Bel\u00fcftung. Sie steigern den Wohnkomfort und den Wert Ihrer Immobilie. Mit unserem Velux-Konfigurator k\u00f6nnen Sie Ihr Wunschfenster einfach ausw\u00e4hlen und wir k\u00fcmmern uns um die fachgerechte Umsetzung.<\/p>\t\t\t\t\t\t\t\t<\/div>\n\t\t\t\t<div class=\"elementor-element elementor-element-ddb3a0b elementor-widget elementor-widget-heading\" data-id=\"ddb3a0b\" data-element_type=\"widget\" data-e-type=\"widget\" data-widget_type=\"heading.default\">\n\t\t\t\t\t<h2 class=\"elementor-heading-title elementor-size-default\">Jetzt Dachfenster planen<\/h2>\t\t\t\t<\/div>\n\t\t\t\t<div class=\"elementor-element elementor-element-e5df730 elementor-widget elementor-widget-text-editor\" data-id=\"e5df730\" data-element_type=\"widget\" data-e-type=\"widget\" data-widget_type=\"text-editor.default\">\n\t\t\t\t\t\t\t\t\t<p data-start=\"1543\" data-end=\"1878\">Nutzen Sie unseren <strong data-start=\"2189\" data-end=\"2211\">Velux-Konfigurator<\/strong> oder vereinbaren Sie direkt einen Beratungstermin mit uns. Wir finden die optimale L\u00f6sung f\u00fcr Ihr Zuhause.<\/p>\t\t\t\t\t\t\t\t<\/div>\n\t\t\t\t<div class=\"elementor-element elementor-element-e776b76 elementor-align-center elementor-widget elementor-widget-elementskit-button\" data-id=\"e776b76\" data-element_type=\"widget\" data-e-type=\"widget\" data-widget_type=\"elementskit-button.default\">\n\t\t\t\t\t<div class=\"ekit-wid-con\" >\t\t<div class=\"ekit-btn-wraper\">\n\t\t\t\t\t\t\t<a href=\"https:\/\/sohnle-bedachungen.de\/index.php\/elementor-seite-252\/\" class=\"elementskit-btn  whitespace--normal\" id=\"\">\n\t\t\t\t\tDachfenster konfigurieren\t\t\t\t<\/a>\n\t\t\t\t\t<\/div>\n        <\/div>\t\t\t\t<\/div>\n\t\t\t\t<\/div>\n\t\t<div class=\"elementor-element elementor-element-0bdc4e7 e-con-full e-flex e-con e-child\" data-id=\"0bdc4e7\" data-element_type=\"container\" data-e-type=\"container\">\n\t\t\t\t<div class=\"elementor-element elementor-element-1d2beba animated-slow elementor-icon-list--layout-traditional elementor-list-item-link-full_width elementor-invisible elementor-widget elementor-widget-icon-list\" data-id=\"1d2beba\" data-element_type=\"widget\" data-e-type=\"widget\" data-settings=\"{&quot;_animation&quot;:&quot;zoomIn&quot;}\" data-widget_type=\"icon-list.default\">\n\t\t\t\t\t\t\t<ul class=\"elementor-icon-list-items\">\n\t\t\t\t\t\t\t<li class=\"elementor-icon-list-item\">\n\t\t\t\t\t\t\t\t\t\t\t<span class=\"elementor-icon-list-icon\">\n\t\t\t\t\t\t\t<i aria-hidden=\"true\" class=\"icon icon-check\"><\/i>\t\t\t\t\t\t<\/span>\n\t\t\t\t\t\t\t\t\t\t<span class=\"elementor-icon-list-text\">Neuer Einbau<p>passgenau und nach Ma\u00df<\/span>\n\t\t\t\t\t\t\t\t\t<\/li>\n\t\t\t\t\t\t<\/ul>\n\t\t\t\t\t\t<\/div>\n\t\t\t\t<div class=\"elementor-element elementor-element-62d51ce animated-slow elementor-icon-list--layout-traditional elementor-list-item-link-full_width elementor-invisible elementor-widget elementor-widget-icon-list\" data-id=\"62d51ce\" data-element_type=\"widget\" data-e-type=\"widget\" data-settings=\"{&quot;_animation&quot;:&quot;zoomIn&quot;}\" data-widget_type=\"icon-list.default\">\n\t\t\t\t\t\t\t<ul class=\"elementor-icon-list-items\">\n\t\t\t\t\t\t\t<li class=\"elementor-icon-list-item\">\n\t\t\t\t\t\t\t\t\t\t\t<span class=\"elementor-icon-list-icon\">\n\t\t\t\t\t\t\t<i aria-hidden=\"true\" class=\"icon icon-check\"><\/i>\t\t\t\t\t\t<\/span>\n\t\t\t\t\t\t\t\t\t\t<span class=\"elementor-icon-list-text\">Austausch alter Dachfenster<p>energieeffiziente Modernisierung<\/span>\n\t\t\t\t\t\t\t\t\t<\/li>\n\t\t\t\t\t\t<\/ul>\n\t\t\t\t\t\t<\/div>\n\t\t\t\t<div class=\"elementor-element elementor-element-933a17d animated-slow elementor-icon-list--layout-traditional elementor-list-item-link-full_width elementor-invisible elementor-widget elementor-widget-icon-list\" data-id=\"933a17d\" data-element_type=\"widget\" data-e-type=\"widget\" data-settings=\"{&quot;_animation&quot;:&quot;zoomIn&quot;}\" data-widget_type=\"icon-list.default\">\n\t\t\t\t\t\t\t<ul class=\"elementor-icon-list-items\">\n\t\t\t\t\t\t\t<li class=\"elementor-icon-list-item\">\n\t\t\t\t\t\t\t\t\t\t\t<span class=\"elementor-icon-list-icon\">\n\t\t\t\t\t\t\t<i aria-hidden=\"true\" class=\"icon icon-check\"><\/i>\t\t\t\t\t\t<\/span>\n\t\t\t\t\t\t\t\t\t\t<span class=\"elementor-icon-list-text\">Velux-Konfigurator<p>individuelle Planung online<\/span>\n\t\t\t\t\t\t\t\t\t<\/li>\n\t\t\t\t\t\t<\/ul>\n\t\t\t\t\t\t<\/div>\n\t\t\t\t<div class=\"elementor-element elementor-element-b3b2248 animated-slow elementor-icon-list--layout-traditional elementor-list-item-link-full_width elementor-invisible elementor-widget elementor-widget-icon-list\" data-id=\"b3b2248\" data-element_type=\"widget\" data-e-type=\"widget\" data-settings=\"{&quot;_animation&quot;:&quot;zoomIn&quot;}\" data-widget_type=\"icon-list.default\">\n\t\t\t\t\t\t\t<ul class=\"elementor-icon-list-items\">\n\t\t\t\t\t\t\t<li class=\"elementor-icon-list-item\">\n\t\t\t\t\t\t\t\t\t\t\t<span class=\"elementor-icon-list-icon\">\n\t\t\t\t\t\t\t<i aria-hidden=\"true\" class=\"icon icon-check\"><\/i>\t\t\t\t\t\t<\/span>\n\t\t\t\t\t\t\t\t\t\t<span class=\"elementor-icon-list-text\">Sonderl\u00f6sungen<p>Dachbalkone, Lichtb\u00e4nder, Panorama-Dachfenster<\/span>\n\t\t\t\t\t\t\t\t\t<\/li>\n\t\t\t\t\t\t<\/ul>\n\t\t\t\t\t\t<\/div>\n\t\t\t\t<div class=\"elementor-element elementor-element-0433b37 animated-slow elementor-icon-list--layout-traditional elementor-list-item-link-full_width elementor-invisible elementor-widget elementor-widget-icon-list\" data-id=\"0433b37\" data-element_type=\"widget\" data-e-type=\"widget\" data-settings=\"{&quot;_animation&quot;:&quot;zoomIn&quot;}\" data-widget_type=\"icon-list.default\">\n\t\t\t\t\t\t\t<ul class=\"elementor-icon-list-items\">\n\t\t\t\t\t\t\t<li class=\"elementor-icon-list-item\">\n\t\t\t\t\t\t\t\t\t\t\t<span class=\"elementor-icon-list-icon\">\n\t\t\t\t\t\t\t<i aria-hidden=\"true\" class=\"icon icon-check\"><\/i>\t\t\t\t\t\t<\/span>\n\t\t\t\t\t\t\t\t\t\t<span class=\"elementor-icon-list-text\">Innenausbau<p>passende Innenverkleidung &amp; Sonnenschutz<\/span>\n\t\t\t\t\t\t\t\t\t<\/li>\n\t\t\t\t\t\t<\/ul>\n\t\t\t\t\t\t<\/div>\n\t\t\t\t<\/div>\n\t\t\t\t<\/div>\n\t\t\t\t<\/div>\n\t\t\t\t\t<\/div>\n\t\t\t\t<\/div>\n\t\t\t\t<\/div>\n\t\t\n    <div class=\"xs_social_share_widget xs_share_url after_content \t\tmain_content  wslu-style-1 wslu-share-box-shaped wslu-fill-colored wslu-none wslu-share-horizontal wslu-theme-font-no wslu-main_content\">\n\n\t\t\n        <ul>\n\t\t\t        <\/ul>\n    <\/div> \n","protected":false},"excerpt":{"rendered":"<p>Dachfenster \u2013 mehr Wohnqualit\u00e4t, Licht &amp; Luft Ein passendes Dachfenster verwandelt dunkle Dachr\u00e4ume in helle, freundliche Wohnbereiche. Ob Sie einen Neubau planen oder ein bestehendes Dach modernisieren \u2013 wir von Sohnle-Bedachungen sind Ihr Spezialist f\u00fcr den Einbau, Austausch und die Nachr\u00fcstung von Dachfenstern in [Ort]. Als zertifizierter Velux-Partner bieten wir Ihnen hochwertige Fensterl\u00f6sungen, die perfekt [&hellip;]<\/p>\n","protected":false},"author":1,"featured_media":0,"parent":0,"menu_order":0,"comment_status":"closed","ping_status":"closed","template":"","meta":{"postBodyCss":"","postBodyMargin":[],"postBodyPadding":[],"postBodyBackground":{"backgroundType":"classic","gradient":""},"footnotes":""},"class_list":["post-247","page","type-page","status-publish","hentry"],"yoast_head":"<!-- This site is optimized with the Yoast SEO plugin v27.4 - https:\/\/yoast.com\/product\/yoast-seo-wordpress\/ -->\n<title>Dachfenster -<\/title>\n<meta name=\"robots\" content=\"index, follow, max-snippet:-1, max-image-preview:large, max-video-preview:-1\" \/>\n<link rel=\"canonical\" href=\"https:\/\/sohnle-bedachungen.de\/index.php\/dachfenster\/\" \/>\n<meta property=\"og:locale\" content=\"de_DE\" \/>\n<meta property=\"og:type\" content=\"article\" \/>\n<meta property=\"og:title\" content=\"Dachfenster -\" \/>\n<meta property=\"og:description\" content=\"Dachfenster \u2013 mehr Wohnqualit\u00e4t, Licht &amp; Luft Ein passendes Dachfenster verwandelt dunkle Dachr\u00e4ume in helle, freundliche Wohnbereiche. Ob Sie einen Neubau planen oder ein bestehendes Dach modernisieren \u2013 wir von Sohnle-Bedachungen sind Ihr Spezialist f\u00fcr den Einbau, Austausch und die Nachr\u00fcstung von Dachfenstern in [Ort]. Als zertifizierter Velux-Partner bieten wir Ihnen hochwertige Fensterl\u00f6sungen, die perfekt [&hellip;]\" \/>\n<meta property=\"og:url\" content=\"https:\/\/sohnle-bedachungen.de\/index.php\/dachfenster\/\" \/>\n<meta property=\"article:modified_time\" content=\"2025-08-14T13:26:37+00:00\" \/>\n<meta property=\"og:image\" content=\"https:\/\/sohnle-bedachungen.de\/wp-content\/uploads\/2025\/08\/AdobeStock_88312696-scaled-e1755177552223.jpeg\" \/>\n\t<meta property=\"og:image:width\" content=\"2500\" \/>\n\t<meta property=\"og:image:height\" content=\"1500\" \/>\n\t<meta property=\"og:image:type\" content=\"image\/jpeg\" \/>\n<meta name=\"twitter:card\" content=\"summary_large_image\" \/>\n<meta name=\"twitter:label1\" content=\"Gesch\u00e4tzte Lesezeit\" \/>\n\t<meta name=\"twitter:data1\" content=\"1\u00a0Minute\" \/>\n<script type=\"application\/ld+json\" class=\"yoast-schema-graph\">{\"@context\":\"https:\\\/\\\/schema.org\",\"@graph\":[{\"@type\":\"WebPage\",\"@id\":\"https:\\\/\\\/sohnle-bedachungen.de\\\/index.php\\\/dachfenster\\\/\",\"url\":\"https:\\\/\\\/sohnle-bedachungen.de\\\/index.php\\\/dachfenster\\\/\",\"name\":\"Dachfenster -\",\"isPartOf\":{\"@id\":\"https:\\\/\\\/sohnle-bedachungen.de\\\/#website\"},\"primaryImageOfPage\":{\"@id\":\"https:\\\/\\\/sohnle-bedachungen.de\\\/index.php\\\/dachfenster\\\/#primaryimage\"},\"image\":{\"@id\":\"https:\\\/\\\/sohnle-bedachungen.de\\\/index.php\\\/dachfenster\\\/#primaryimage\"},\"thumbnailUrl\":\"https:\\\/\\\/sohnle-bedachungen.de\\\/wp-content\\\/uploads\\\/2025\\\/08\\\/AdobeStock_88312696-scaled-e1755177552223-1024x614.jpeg\",\"datePublished\":\"2025-08-12T09:57:40+00:00\",\"dateModified\":\"2025-08-14T13:26:37+00:00\",\"breadcrumb\":{\"@id\":\"https:\\\/\\\/sohnle-bedachungen.de\\\/index.php\\\/dachfenster\\\/#breadcrumb\"},\"inLanguage\":\"de\",\"potentialAction\":[{\"@type\":\"ReadAction\",\"target\":[\"https:\\\/\\\/sohnle-bedachungen.de\\\/index.php\\\/dachfenster\\\/\"]}]},{\"@type\":\"ImageObject\",\"inLanguage\":\"de\",\"@id\":\"https:\\\/\\\/sohnle-bedachungen.de\\\/index.php\\\/dachfenster\\\/#primaryimage\",\"url\":\"https:\\\/\\\/sohnle-bedachungen.de\\\/wp-content\\\/uploads\\\/2025\\\/08\\\/AdobeStock_88312696-scaled-e1755177552223.jpeg\",\"contentUrl\":\"https:\\\/\\\/sohnle-bedachungen.de\\\/wp-content\\\/uploads\\\/2025\\\/08\\\/AdobeStock_88312696-scaled-e1755177552223.jpeg\",\"width\":2500,\"height\":1500},{\"@type\":\"BreadcrumbList\",\"@id\":\"https:\\\/\\\/sohnle-bedachungen.de\\\/index.php\\\/dachfenster\\\/#breadcrumb\",\"itemListElement\":[{\"@type\":\"ListItem\",\"position\":1,\"name\":\"Startseite\",\"item\":\"https:\\\/\\\/sohnle-bedachungen.de\\\/\"},{\"@type\":\"ListItem\",\"position\":2,\"name\":\"Dachfenster\"}]},{\"@type\":\"WebSite\",\"@id\":\"https:\\\/\\\/sohnle-bedachungen.de\\\/#website\",\"url\":\"https:\\\/\\\/sohnle-bedachungen.de\\\/\",\"name\":\"\",\"description\":\"\",\"potentialAction\":[{\"@type\":\"SearchAction\",\"target\":{\"@type\":\"EntryPoint\",\"urlTemplate\":\"https:\\\/\\\/sohnle-bedachungen.de\\\/?s={search_term_string}\"},\"query-input\":{\"@type\":\"PropertyValueSpecification\",\"valueRequired\":true,\"valueName\":\"search_term_string\"}}],\"inLanguage\":\"de\"}]}<\/script>\n<!-- \/ Yoast SEO plugin. -->","yoast_head_json":{"title":"Dachfenster -","robots":{"index":"index","follow":"follow","max-snippet":"max-snippet:-1","max-image-preview":"max-image-preview:large","max-video-preview":"max-video-preview:-1"},"canonical":"https:\/\/sohnle-bedachungen.de\/index.php\/dachfenster\/","og_locale":"de_DE","og_type":"article","og_title":"Dachfenster -","og_description":"Dachfenster \u2013 mehr Wohnqualit\u00e4t, Licht &amp; Luft Ein passendes Dachfenster verwandelt dunkle Dachr\u00e4ume in helle, freundliche Wohnbereiche. Ob Sie einen Neubau planen oder ein bestehendes Dach modernisieren \u2013 wir von Sohnle-Bedachungen sind Ihr Spezialist f\u00fcr den Einbau, Austausch und die Nachr\u00fcstung von Dachfenstern in [Ort]. Als zertifizierter Velux-Partner bieten wir Ihnen hochwertige Fensterl\u00f6sungen, die perfekt [&hellip;]","og_url":"https:\/\/sohnle-bedachungen.de\/index.php\/dachfenster\/","article_modified_time":"2025-08-14T13:26:37+00:00","og_image":[{"width":2500,"height":1500,"url":"https:\/\/sohnle-bedachungen.de\/wp-content\/uploads\/2025\/08\/AdobeStock_88312696-scaled-e1755177552223.jpeg","type":"image\/jpeg"}],"twitter_card":"summary_large_image","twitter_misc":{"Gesch\u00e4tzte Lesezeit":"1\u00a0Minute"},"schema":{"@context":"https:\/\/schema.org","@graph":[{"@type":"WebPage","@id":"https:\/\/sohnle-bedachungen.de\/index.php\/dachfenster\/","url":"https:\/\/sohnle-bedachungen.de\/index.php\/dachfenster\/","name":"Dachfenster -","isPartOf":{"@id":"https:\/\/sohnle-bedachungen.de\/#website"},"primaryImageOfPage":{"@id":"https:\/\/sohnle-bedachungen.de\/index.php\/dachfenster\/#primaryimage"},"image":{"@id":"https:\/\/sohnle-bedachungen.de\/index.php\/dachfenster\/#primaryimage"},"thumbnailUrl":"https:\/\/sohnle-bedachungen.de\/wp-content\/uploads\/2025\/08\/AdobeStock_88312696-scaled-e1755177552223-1024x614.jpeg","datePublished":"2025-08-12T09:57:40+00:00","dateModified":"2025-08-14T13:26:37+00:00","breadcrumb":{"@id":"https:\/\/sohnle-bedachungen.de\/index.php\/dachfenster\/#breadcrumb"},"inLanguage":"de","potentialAction":[{"@type":"ReadAction","target":["https:\/\/sohnle-bedachungen.de\/index.php\/dachfenster\/"]}]},{"@type":"ImageObject","inLanguage":"de","@id":"https:\/\/sohnle-bedachungen.de\/index.php\/dachfenster\/#primaryimage","url":"https:\/\/sohnle-bedachungen.de\/wp-content\/uploads\/2025\/08\/AdobeStock_88312696-scaled-e1755177552223.jpeg","contentUrl":"https:\/\/sohnle-bedachungen.de\/wp-content\/uploads\/2025\/08\/AdobeStock_88312696-scaled-e1755177552223.jpeg","width":2500,"height":1500},{"@type":"BreadcrumbList","@id":"https:\/\/sohnle-bedachungen.de\/index.php\/dachfenster\/#breadcrumb","itemListElement":[{"@type":"ListItem","position":1,"name":"Startseite","item":"https:\/\/sohnle-bedachungen.de\/"},{"@type":"ListItem","position":2,"name":"Dachfenster"}]},{"@type":"WebSite","@id":"https:\/\/sohnle-bedachungen.de\/#website","url":"https:\/\/sohnle-bedachungen.de\/","name":"","description":"","potentialAction":[{"@type":"SearchAction","target":{"@type":"EntryPoint","urlTemplate":"https:\/\/sohnle-bedachungen.de\/?s={search_term_string}"},"query-input":{"@type":"PropertyValueSpecification","valueRequired":true,"valueName":"search_term_string"}}],"inLanguage":"de"}]}},"_links":{"self":[{"href":"https:\/\/sohnle-bedachungen.de\/index.php\/wp-json\/wp\/v2\/pages\/247","targetHints":{"allow":["GET"]}}],"collection":[{"href":"https:\/\/sohnle-bedachungen.de\/index.php\/wp-json\/wp\/v2\/pages"}],"about":[{"href":"https:\/\/sohnle-bedachungen.de\/index.php\/wp-json\/wp\/v2\/types\/page"}],"author":[{"embeddable":true,"href":"https:\/\/sohnle-bedachungen.de\/index.php\/wp-json\/wp\/v2\/users\/1"}],"replies":[{"embeddable":true,"href":"https:\/\/sohnle-bedachungen.de\/index.php\/wp-json\/wp\/v2\/comments?post=247"}],"version-history":[{"count":16,"href":"https:\/\/sohnle-bedachungen.de\/index.php\/wp-json\/wp\/v2\/pages\/247\/revisions"}],"predecessor-version":[{"id":505,"href":"https:\/\/sohnle-bedachungen.de\/index.php\/wp-json\/wp\/v2\/pages\/247\/revisions\/505"}],"wp:attachment":[{"href":"https:\/\/sohnle-bedachungen.de\/index.php\/wp-json\/wp\/v2\/media?parent=247"}],"curies":[{"name":"wp","href":"https:\/\/api.w.org\/{rel}","templated":true}]}}